{"id":25738,"date":"2017-08-28T12:20:54","date_gmt":"2017-08-28T10:20:54","guid":{"rendered":"https:\/\/www.autopistas.com\/acord-de-llicencia\/"},"modified":"2018-06-22T12:54:32","modified_gmt":"2018-06-22T10:54:32","slug":"acord-de-llicencia","status":"publish","type":"page","link":"https:\/\/www.autopistas.com\/ca\/acord-de-llicencia\/","title":{"rendered":"Acord de llic\u00e8ncia"},"content":{"rendered":"<div class=\"wpb-content-wrapper\"><p>[vc_row full_width=&#8221;stretch_row&#8221; content_placement=&#8221;middle&#8221; css=&#8221;.vc_custom_1503600362198{background-image: url(https:\/\/www.autopistas.com\/wp-content\/uploads\/2017\/08\/politica-cookies-header.png?id=12986) !important;background-position: center !important;background-repeat: no-repeat !important;background-size: cover !important;}&#8221; el_class=&#8221;texto-blanco banner-principal hidden&#8221;][vc_column width=&#8221;7\/12&#8243; css=&#8221;.vc_custom_1499094512168{padding-top: 0px !important;}&#8221;][vc_custom_heading text=&#8221;Acord de llic\u00e8ncia&#8221; font_container=&#8221;tag:h1|text_align:left|color:%23ffffff&#8221; use_theme_fonts=&#8221;yes&#8221; el_class=&#8221;titulo6 sombra-titulo&#8221; css=&#8221;.vc_custom_1503922762845{margin-top: 0px !important;margin-bottom: 0px !important;}&#8221;][\/vc_column][\/vc_row][vc_row content_placement=&#8221;top&#8221; el_class=&#8221;migadepan hidden-xs&#8221; css=&#8221;.vc_custom_1499096013909{margin-bottom: 35px !important;}&#8221;][vc_column css=&#8221;.vc_custom_1499096001229{padding-top: 18px !important;}&#8221;][vc_column_text css=&#8221;.vc_custom_1499095990112{margin-top: 0px !important;margin-bottom: 0px !important;}&#8221;]<ul id=\"migadepan\" class=\"migadepan\"><li class=\"item-home\"><a class=\"bread-link bread-home\" href=\"https:\/\/www.autopistas.com\/ca\/\" title=\"Home\">Home<\/a><\/li><li class=\"separator separator-home\"> <span class=\"glyphicon glyphicon-menu-right\"><\/span> <\/li><\/ul>[\/vc_column_text][\/vc_column][\/vc_row][vc_row disable_element=&#8221;yes&#8221;][vc_column][vc_custom_heading text=&#8221;Acord de llic\u00e8ncia&#8221; font_container=&#8221;tag:h2|text_align:center|color:%23f58220&#8243; use_theme_fonts=&#8221;yes&#8221; el_class=&#8221;titulo5 tesxto-naranja&#8221; css=&#8221;.vc_custom_1503922788524{margin-top: 0px !important;margin-bottom: 40px !important;}&#8221;][\/vc_column][\/vc_row][vc_row content_placement=&#8221;top&#8221; el_class=&#8221;aviso-legal texto-cuerpo&#8221;][vc_column offset=&#8221;vc_col-lg-12 vc_col-md-12 vc_col-xs-12&#8243;][vc_column_text css=&#8221;.vc_custom_1529663931018{margin-bottom: 10px !important;}&#8221; el_class=&#8221;texto-cuerpo2&#8243;]<\/p>\n<p class=\"texto-cuerpo14\"><span class=\"texto-naranja\">1.\u00a0<\/span>La desc\u00e0rrega dels fitxers concedeix a l&#8217;usuari el dret intransferible i no exclusiu d&#8217;\u00fas i reproducci\u00f3 \u00fanicament de les formes que es descriuen a continuaci\u00f3:<\/p>\n<p><strong>Usos impresos: qualsevol material impr\u00e8s, excepte &#8220;productes fotogr\u00e0fics de venda al p\u00fablic&#8221; (definits a continuaci\u00f3).<\/strong>\u00a0Els usos acceptables inclouen material promocional (targetes, samarretes, postals, p\u00f2sters, targetes telef\u00f2niques, targetes de cr\u00e8dit, plantilles, car\u00e0tules de CD, car\u00e0tules de casset, jocs de taula i calendaris), revistes, peri\u00f2dics, anuncis, ressenyes, cat\u00e0legs, fullets, informes, embolcalls d&#8217;un sol \u00fas, portades de llibres i textos educatius. Els &#8220;productes fotogr\u00e0fics de venda al p\u00fablic&#8221; no autoritzats inclouen, sense limitar-s&#8217;hi, targetes, calendaris, postals, material de papereria, p\u00f2sters, samarretes, corbates, &#8220;tasses amb fotografies&#8221; i coixinets per a ratol\u00ed a la venda (majorista i minorista).<\/p>\n<p><strong>Altres usos: qualsevol material electr\u00f2nic o digital<\/strong>\u00a0inclosos protectors de pantalla, targetes electr\u00f2niques, llocs web (excepte plantilles de llocs web), v\u00eddeo d&#8217;emissi\u00f3, multim\u00e8dia inclosos pel\u00b7l\u00edcules i v\u00eddeos,\u00a0<strong>sempre que<\/strong>\u00a0la resoluci\u00f3 de les imatges no superi els 480 x 640 p\u00edxels i que s&#8217;incorporin en un disseny de manera que quedi clar que queda prohibida la desc\u00e0rrega, c\u00f2pia i distribuci\u00f3 de la imatge.<\/p>\n<p><strong>Restriccions. Autopistas<\/strong>\u00a0es reserva el dret de notificar, a la seva discreci\u00f3 i durant la vig\u00e8ncia del present acord, que determinades imatges ja no es troben disponibles per a \u00fas sota en aquesta mediateca, per la qual cosa, a partir de la data d&#8217;aquesta notificaci\u00f3, la llic\u00e8ncia concedida per\u00a0<strong>Autopistas<\/strong>\u00a0acabar\u00e0 de manera autom\u00e0tica i immediata. L&#8217;usuari \u00e9s l&#8217;\u00fanic responsable de l&#8217;\u00fas de les imatges, juntament amb qualsevol altre material.<\/p>\n<p><strong>Sense limitar-se a aix\u00f2, queda prohibit l&#8217;\u00fas de les imatges:<\/strong><\/p>\n<p><span class=\"texto-cuerpo\">com a marca comercial o marca de servei.<\/span><\/p>\n<ul>\n<li><span class=\"texto-cuerpo\">amb finalitats il\u00b7l\u00edcites.<\/span><\/li>\n<li><span class=\"texto-cuerpo\">amb finalitats difamat\u00f2ries.<\/span><\/li>\n<li><span class=\"texto-cuerpo\">per violar el dret de qualsevol persona a la intimitat o a la publicitat.<\/span><\/li>\n<li><span class=\"texto-cuerpo\">per violar el dret de propietat, marca, marca comercial o marca de servei de qualsevol persona o entitat.<\/span><\/li>\n<li><span class=\"texto-cuerpo\">relacionat amb temes conflictius, inclosos, sense limitar-s&#8217;hi, els temes que mostrin l&#8217;objecte d&#8217;una imatge de forma negativa o desfavorable o que ridiculitzin les persones, i els temes relatius al sexe, ab\u00fas d&#8217;estupefaents, ab\u00fas f\u00edsic o mental, alcohol, drogues, tabac, SIDA, c\u00e0ncer o malalties f\u00edsiques i mentals greus, o la denigraci\u00f3 d&#8217;una persona o producte.<\/span><\/li>\n<\/ul>\n<p>&nbsp;<\/p>\n<p class=\"texto-cuerpo14\"><span class=\"texto-naranja\">2.\u00a0<\/span>L&#8217;usuari acorda indemnitzar i defensar\u00a0<strong>Autopistas<\/strong>\u00a0i els seus prove\u00efdors d&#8217;imatges de totes les reclamacions, responsabilitats, danys, costos i despeses, incloses les despeses i els honoraris raonables de l&#8217;advocat, derivades de l'(i) incompliment d&#8217;aquest usuari, (ii) de l&#8217;\u00fas o modificaci\u00f3 d&#8217;imatges soles o juntament amb qualsevol altre material i (iii) de l&#8217;incompliment de les restriccions relatives a l&#8217;\u00fas de les imatges o (iv) de qualsevol reclamaci\u00f3 de tercers relativa a l&#8217;\u00fas d&#8217;imatges soles o juntament amb qualsevol altre material.<\/p>\n<p class=\"texto-cuerpo14\"><span class=\"texto-naranja\">3.\u00a0<\/span><strong>Garantia limitada<\/strong>. Sense perjudici de les restriccions i limitacions sobre \u00fas de les imatges objecte d&#8217;aquesta mediateca,\u00a0<strong>Autopistas<\/strong>\u00a0garanteix que \u00e9s propietari o que ha adquirit suficients drets sobre la propietat de les imatges per concedir-li la llic\u00e8ncia limitada sota el present acord exclusiu, com a recurs legal de l&#8217;usuari enfront de la serva impossibilitat d&#8217;utilitzar la mediateca d&#8217;<strong>Autopistas<\/strong>.<\/p>\n<p><strong>Autopistas no garanteix ni es responsabilitza de cap imatge que: (a) l&#8217;usuari hagi modificat (b) l&#8217;usuari hagi combinat amb altres productes, imatges, contingut o material o (c)\u00a0Autopistas\u00a0hagi notificat pr\u00e8viament a l&#8217;usuari la seva prohibici\u00f3 de concedir-la en llic\u00e8ncia o per a qualsevol altre \u00fas.<\/strong><\/p>\n<p>Ni\u00a0<strong>Autopistas<\/strong>\u00a0ni cap dels seus directors, caps, empleats, socis, titulars de llic\u00e8ncia o agents seran responsables davant de l&#8217;usuari de danys indirectes, derivats, punitius o imprevists, resultants de l&#8217;\u00fas o de la incapacitat d&#8217;\u00fas del lloc web o les imatges d&#8217;Autopistas, fins i tot en el cas que s&#8217;hagi informat Autopistas de la possibilitat d&#8217;aquests danys.<\/p>\n<p class=\"texto-cuerpo14\"><span class=\"texto-naranja\">4.\u00a0<\/span>L&#8217;usuari ACCEPTA que\u00a0<strong>AUTOPISTAS<\/strong>\u00a0no cedeix drets d&#8217;imatge o drets d&#8217;explotaci\u00f3 respecte a les obres d&#8217;art pl\u00e0stic, de qualsevol obra arquitect\u00f2nica, obra d&#8217;interiorisme, o objecte fotografiat.<\/p>\n<p>AUTOPISTAS i\/o el FOT\u00d2GRAF no seran tinguts com a responsables dels conflictes que puguin sorgir de la manipulaci\u00f3 digital o anal\u00f2gica de la imatge, dels usos equ\u00edvocs, inadequats o no autoritzats de les imatges i\/o del text que les acompanya, que puguin lesionar drets o interessos de persones f\u00edsiques, jur\u00eddiques, institucions, etc.<\/p>\n<p>L&#8217;usuari accepta indemnitzar i mantenir fora de perill\u00a0<strong>AUTOPISTAS<\/strong>\u00a0i\/o el\u00a0<strong>FOT\u00d2GRAF<\/strong>\u00a0davant qualsevol reclamaci\u00f3 de dany, cost, incloses les despeses de defensa judicial o extrajudicial, derivades d&#8217;un \u00fas indegut o la infracci\u00f3 de qualsevol dels termes d&#8217;aquest usuari.<\/p>\n<p class=\"texto-cuerpo14\"><span class=\"texto-naranja\">5.\u00a0<\/span>Aquest acord es regir\u00e0 per les lleis espanyoles, sense perjudici de les normes del dret internacional privat. Els conflictes legals relatius a aquest acord es dirimiran sota la jurisdicci\u00f3 exclusiva dels tribunals de Just\u00edcia de Barcelona, i l&#8217;usuari accepta per aquest acord la jurisdicci\u00f3 d&#8217;aquests tribunals. Queda prohibida la cessi\u00f3 i la modificaci\u00f3 d&#8217;aquest acord sense el previ consentiment per escrit d&#8217;<strong>Autopistas<\/strong>.<\/p>\n<p>[\/vc_column_text][\/vc_column][\/vc_row][vc_row el_class=&#8221;banner-footer&#8221;][vc_column][atpbanners banner_id=&#8221;random&#8221; full_width=&#8221;true&#8221; columns_number=&#8221;12&#8243;][\/vc_column][\/vc_row]<\/p>\n<\/div>","protected":false},"excerpt":{"rendered":"<p>[vc_row full_width=&#8221;stretch_row&#8221; content_placement=&#8221;middle&#8221; css=&#8221;.vc_custom_1503600362198{background-image: url(https:\/\/www.autopistas.com\/wp-content\/uploads\/2017\/08\/politica-cookies-header.png?id=12986) !important;background-position: center !important;background-repeat: no-repeat !important;background-size: cover !important;}&#8221; el_class=&#8221;texto-blanco banner-principal hidden&#8221;][vc_column width=&#8221;7\/12&#8243; css=&#8221;.vc_custom_1499094512168{padding-top: 0px !important;}&#8221;][vc_custom_heading text=&#8221;Acord de llic\u00e8ncia&#8221; font_container=&#8221;tag:h1|text_align:left|color:%23ffffff&#8221; use_theme_fonts=&#8221;yes&#8221; el_class=&#8221;titulo6 sombra-titulo&#8221; css=&#8221;.vc_custom_1503922762845{margin-top: 0px !important;margin-bottom: 0px !important;}&#8221;][\/vc_column][\/vc_row][vc_row content_placement=&#8221;top&#8221; el_class=&#8221;migadepan hidden-xs&#8221; css=&#8221;.vc_custom_1499096013909{margin-bottom: 35px !important;}&#8221;][vc_column css=&#8221;.vc_custom_1499096001229{padding-top: 18px !important;}&#8221;][vc_column_text css=&#8221;.vc_custom_1499095990112{margin-top: 0px !important;margin-bottom: 0px !important;}&#8221;][\/vc_column_text][\/vc_column][\/vc_row][vc_row disable_element=&#8221;yes&#8221;][vc_column][vc_custom_heading text=&#8221;Acord de llic\u00e8ncia&#8221; font_container=&#8221;tag:h2|text_align:center|color:%23f58220&#8243; use_theme_fonts=&#8221;yes&#8221; el_class=&#8221;titulo5 tesxto-naranja&#8221; css=&#8221;.vc_custom_1503922788524{margin-top: 0px &#8230;<\/p>\n","protected":false},"author":1,"featured_media":0,"parent":0,"menu_order":0,"comment_status":"closed","ping_status":"closed","template":"","meta":{"footnotes":""},"yoast_head":"<!-- This site is optimized with the Yoast SEO Premium plugin v19.5 (Yoast SEO v19.10) - https:\/\/yoast.com\/wordpress\/plugins\/seo\/ -->\n<title>Acord de llic\u00e8ncia | Autopistas<\/title>\n<meta name=\"robots\" content=\"index, follow, max-snippet:-1, max-image-preview:large, max-video-preview:-1\" \/>\n<link rel=\"canonical\" href=\"https:\/\/www.autopistas.com\/ca\/acord-de-llicencia\/\" \/>\n<meta property=\"og:locale\" content=\"ca_ES\" \/>\n<meta property=\"og:type\" content=\"article\" \/>\n<meta property=\"og:title\" content=\"Acord de llic\u00e8ncia\" \/>\n<meta property=\"og:description\" content=\"[vc_row full_width=&#8221;stretch_row&#8221; content_placement=&#8221;middle&#8221; css=&#8221;.vc_custom_1503600362198{background-image: url(https:\/\/www.autopistas.com\/wp-content\/uploads\/2017\/08\/politica-cookies-header.png?id=12986) !important;background-position: center !important;background-repeat: no-repeat !important;background-size: cover !important;}&#8221; el_class=&#8221;texto-blanco banner-principal hidden&#8221;][vc_column width=&#8221;7\/12&#8243; css=&#8221;.vc_custom_1499094512168{padding-top: 0px !important;}&#8221;][vc_custom_heading text=&#8221;Acord de llic\u00e8ncia&#8221; font_container=&#8221;tag:h1|text_align:left|color:%23ffffff&#8221; use_theme_fonts=&#8221;yes&#8221; el_class=&#8221;titulo6 sombra-titulo&#8221; css=&#8221;.vc_custom_1503922762845{margin-top: 0px !important;margin-bottom: 0px !important;}&#8221;][\/vc_column][\/vc_row][vc_row content_placement=&#8221;top&#8221; el_class=&#8221;migadepan hidden-xs&#8221; css=&#8221;.vc_custom_1499096013909{margin-bottom: 35px !important;}&#8221;][vc_column css=&#8221;.vc_custom_1499096001229{padding-top: 18px !important;}&#8221;][vc_column_text css=&#8221;.vc_custom_1499095990112{margin-top: 0px !important;margin-bottom: 0px !important;}&#8221;][\/vc_column_text][\/vc_column][\/vc_row][vc_row disable_element=&#8221;yes&#8221;][vc_column][vc_custom_heading text=&#8221;Acord de llic\u00e8ncia&#8221; font_container=&#8221;tag:h2|text_align:center|color:%23f58220&#8243; use_theme_fonts=&#8221;yes&#8221; el_class=&#8221;titulo5 tesxto-naranja&#8221; css=&#8221;.vc_custom_1503922788524{margin-top: 0px ...\" \/>\n<meta property=\"og:url\" content=\"https:\/\/www.autopistas.com\/ca\/acord-de-llicencia\/\" \/>\n<meta property=\"og:site_name\" content=\"Autopistas\" \/>\n<meta property=\"article:modified_time\" content=\"2018-06-22T10:54:32+00:00\" \/>\n<meta name=\"twitter:card\" content=\"summary_large_image\" \/>\n<meta name=\"twitter:label1\" content=\"Temps estimat de lectura\" \/>\n\t<meta name=\"twitter:data1\" content=\"5 minuts\" \/>\n<script type=\"application\/ld+json\" class=\"yoast-schema-graph\">{\"@context\":\"https:\/\/schema.org\",\"@graph\":[{\"@type\":\"WebPage\",\"@id\":\"https:\/\/www.autopistas.com\/ca\/acord-de-llicencia\/\",\"url\":\"https:\/\/www.autopistas.com\/ca\/acord-de-llicencia\/\",\"name\":\"Acord de llic\u00e8ncia | Autopistas\",\"isPartOf\":{\"@id\":\"https:\/\/www.autopistas.com\/ca\/#website\"},\"datePublished\":\"2017-08-28T10:20:54+00:00\",\"dateModified\":\"2018-06-22T10:54:32+00:00\",\"breadcrumb\":{\"@id\":\"https:\/\/www.autopistas.com\/ca\/acord-de-llicencia\/#breadcrumb\"},\"inLanguage\":\"ca\",\"potentialAction\":[{\"@type\":\"ReadAction\",\"target\":[\"https:\/\/www.autopistas.com\/ca\/acord-de-llicencia\/\"]}]},{\"@type\":\"BreadcrumbList\",\"@id\":\"https:\/\/www.autopistas.com\/ca\/acord-de-llicencia\/#breadcrumb\",\"itemListElement\":[{\"@type\":\"ListItem\",\"position\":1,\"name\":\"Portada\",\"item\":\"https:\/\/www.autopistas.com\/ca\/\"},{\"@type\":\"ListItem\",\"position\":2,\"name\":\"Acord de llic\u00e8ncia\"}]},{\"@type\":\"WebSite\",\"@id\":\"https:\/\/www.autopistas.com\/ca\/#website\",\"url\":\"https:\/\/www.autopistas.com\/ca\/\",\"name\":\"Autopistas\",\"description\":\"Autopistas, Contigo Hasta Donde Quieras Llegar\",\"potentialAction\":[{\"@type\":\"SearchAction\",\"target\":{\"@type\":\"EntryPoint\",\"urlTemplate\":\"https:\/\/www.autopistas.com\/ca\/?s={search_term_string}\"},\"query-input\":\"required name=search_term_string\"}],\"inLanguage\":\"ca\"}]}<\/script>\n<!-- \/ Yoast SEO Premium plugin. -->","yoast_head_json":{"title":"Acord de llic\u00e8ncia | Autopistas","robots":{"index":"index","follow":"follow","max-snippet":"max-snippet:-1","max-image-preview":"max-image-preview:large","max-video-preview":"max-video-preview:-1"},"canonical":"https:\/\/www.autopistas.com\/ca\/acord-de-llicencia\/","og_locale":"ca_ES","og_type":"article","og_title":"Acord de llic\u00e8ncia","og_description":"[vc_row full_width=&#8221;stretch_row&#8221; content_placement=&#8221;middle&#8221; css=&#8221;.vc_custom_1503600362198{background-image: url(https:\/\/www.autopistas.com\/wp-content\/uploads\/2017\/08\/politica-cookies-header.png?id=12986) !important;background-position: center !important;background-repeat: no-repeat !important;background-size: cover !important;}&#8221; el_class=&#8221;texto-blanco banner-principal hidden&#8221;][vc_column width=&#8221;7\/12&#8243; css=&#8221;.vc_custom_1499094512168{padding-top: 0px !important;}&#8221;][vc_custom_heading text=&#8221;Acord de llic\u00e8ncia&#8221; font_container=&#8221;tag:h1|text_align:left|color:%23ffffff&#8221; use_theme_fonts=&#8221;yes&#8221; el_class=&#8221;titulo6 sombra-titulo&#8221; css=&#8221;.vc_custom_1503922762845{margin-top: 0px !important;margin-bottom: 0px !important;}&#8221;][\/vc_column][\/vc_row][vc_row content_placement=&#8221;top&#8221; el_class=&#8221;migadepan hidden-xs&#8221; css=&#8221;.vc_custom_1499096013909{margin-bottom: 35px !important;}&#8221;][vc_column css=&#8221;.vc_custom_1499096001229{padding-top: 18px !important;}&#8221;][vc_column_text css=&#8221;.vc_custom_1499095990112{margin-top: 0px !important;margin-bottom: 0px !important;}&#8221;][\/vc_column_text][\/vc_column][\/vc_row][vc_row disable_element=&#8221;yes&#8221;][vc_column][vc_custom_heading text=&#8221;Acord de llic\u00e8ncia&#8221; font_container=&#8221;tag:h2|text_align:center|color:%23f58220&#8243; use_theme_fonts=&#8221;yes&#8221; el_class=&#8221;titulo5 tesxto-naranja&#8221; css=&#8221;.vc_custom_1503922788524{margin-top: 0px ...","og_url":"https:\/\/www.autopistas.com\/ca\/acord-de-llicencia\/","og_site_name":"Autopistas","article_modified_time":"2018-06-22T10:54:32+00:00","twitter_card":"summary_large_image","twitter_misc":{"Temps estimat de lectura":"5 minuts"},"schema":{"@context":"https:\/\/schema.org","@graph":[{"@type":"WebPage","@id":"https:\/\/www.autopistas.com\/ca\/acord-de-llicencia\/","url":"https:\/\/www.autopistas.com\/ca\/acord-de-llicencia\/","name":"Acord de llic\u00e8ncia | Autopistas","isPartOf":{"@id":"https:\/\/www.autopistas.com\/ca\/#website"},"datePublished":"2017-08-28T10:20:54+00:00","dateModified":"2018-06-22T10:54:32+00:00","breadcrumb":{"@id":"https:\/\/www.autopistas.com\/ca\/acord-de-llicencia\/#breadcrumb"},"inLanguage":"ca","potentialAction":[{"@type":"ReadAction","target":["https:\/\/www.autopistas.com\/ca\/acord-de-llicencia\/"]}]},{"@type":"BreadcrumbList","@id":"https:\/\/www.autopistas.com\/ca\/acord-de-llicencia\/#breadcrumb","itemListElement":[{"@type":"ListItem","position":1,"name":"Portada","item":"https:\/\/www.autopistas.com\/ca\/"},{"@type":"ListItem","position":2,"name":"Acord de llic\u00e8ncia"}]},{"@type":"WebSite","@id":"https:\/\/www.autopistas.com\/ca\/#website","url":"https:\/\/www.autopistas.com\/ca\/","name":"Autopistas","description":"Autopistas, Contigo Hasta Donde Quieras Llegar","potentialAction":[{"@type":"SearchAction","target":{"@type":"EntryPoint","urlTemplate":"https:\/\/www.autopistas.com\/ca\/?s={search_term_string}"},"query-input":"required name=search_term_string"}],"inLanguage":"ca"}]}},"_links":{"self":[{"href":"https:\/\/www.autopistas.com\/ca\/wp-json\/wp\/v2\/pages\/25738"}],"collection":[{"href":"https:\/\/www.autopistas.com\/ca\/wp-json\/wp\/v2\/pages"}],"about":[{"href":"https:\/\/www.autopistas.com\/ca\/wp-json\/wp\/v2\/types\/page"}],"author":[{"embeddable":true,"href":"https:\/\/www.autopistas.com\/ca\/wp-json\/wp\/v2\/users\/1"}],"replies":[{"embeddable":true,"href":"https:\/\/www.autopistas.com\/ca\/wp-json\/wp\/v2\/comments?post=25738"}],"version-history":[{"count":4,"href":"https:\/\/www.autopistas.com\/ca\/wp-json\/wp\/v2\/pages\/25738\/revisions"}],"predecessor-version":[{"id":30793,"href":"https:\/\/www.autopistas.com\/ca\/wp-json\/wp\/v2\/pages\/25738\/revisions\/30793"}],"wp:attachment":[{"href":"https:\/\/www.autopistas.com\/ca\/wp-json\/wp\/v2\/media?parent=25738"}],"curies":[{"name":"wp","href":"https:\/\/api.w.org\/{rel}","templated":true}]}}