{"id":62073,"date":"2024-10-23T09:18:54","date_gmt":"2024-10-23T07:18:54","guid":{"rendered":"https:\/\/www.autopistas.com\/politica-de-privacitat-awai\/"},"modified":"2025-12-04T14:14:08","modified_gmt":"2025-12-04T13:14:08","slug":"politica-de-privacitat-awai","status":"publish","type":"page","link":"https:\/\/www.autopistas.com\/ca\/politica-de-privacitat-awai\/","title":{"rendered":"Pol\u00edtica de Privacitat AWAI"},"content":{"rendered":"<div class=\"wpb-content-wrapper\"><p>[vc_row][vc_column]\n\t\t\t<!-- START AWAI CAT REVOLUTION SLIDER 6.7.13 --><p class=\"rs-p-wp-fix\"><\/p>\n\t\t\t<rs-module-wrap id=\"rev_slider_11_1_wrapper\" data-source=\"gallery\" style=\"visibility:hidden;background:transparent;padding:0;margin:0px auto;margin-top:0;margin-bottom:0;\">\n\t\t\t\t<rs-module id=\"rev_slider_11_1\" style=\"\" data-version=\"6.7.13\">\n\t\t\t\t\t<rs-slides style=\"overflow: hidden; position: absolute;\">\n\t\t\t\t\t\t<rs-slide style=\"position: absolute;\" data-key=\"rs-69\" data-title=\"Slide\" data-in=\"o:0;\" data-out=\"a:false;\">\n\t\t\t\t\t\t\t<img src=\"\/\/www.autopistas.com\/wp-content\/plugins\/revslider\/sr6\/assets\/assets\/dummy.png\" alt=\"\" title=\"back-header-awai.jpg\" width=\"1600\" height=\"862\" class=\"rev-slidebg tp-rs-img rs-lazyload\" data-lazyload=\"\/\/www.autopistas.com\/wp-content\/uploads\/revslider\/awai-1\/back-header-awai.jpg\" data-bg=\"p:center top;\" data-no-retina>\n<!--\n\t\t\t\t\t\t\t--><rs-layer\n\t\t\t\t\t\t\t\tid=\"slider-11-slide-69-layer-0\" \n\t\t\t\t\t\t\t\tdata-type=\"image\"\n\t\t\t\t\t\t\t\tdata-rsp_ch=\"on\"\n\t\t\t\t\t\t\t\tdata-xy=\"x:60px;y:24px;\"\n\t\t\t\t\t\t\t\tdata-text=\"w:normal;\"\n\t\t\t\t\t\t\t\tdata-dim=\"w:278px;h:108px;\"\n\t\t\t\t\t\t\t\tdata-frame_999=\"o:0;st:w;\"\n\t\t\t\t\t\t\t\tstyle=\"z-index:5;\"\n\t\t\t\t\t\t\t><img src=\"\/\/www.autopistas.com\/wp-content\/plugins\/revslider\/sr6\/assets\/assets\/dummy.png\" alt=\"\" class=\"tp-rs-img rs-lazyload\" width=\"278\" height=\"108\" data-lazyload=\"\/\/www.autopistas.com\/wp-content\/uploads\/revslider\/awai-1\/awai-logo.png\" data-no-retina> \n\t\t\t\t\t\t\t<\/rs-layer><!--\n\n\t\t\t\t\t\t\t--><rs-layer\n\t\t\t\t\t\t\t\tid=\"slider-11-slide-69-layer-1\" \n\t\t\t\t\t\t\t\tclass=\"rev-bliss-font\"\n\t\t\t\t\t\t\t\tdata-type=\"text\"\n\t\t\t\t\t\t\t\tdata-color=\"#ffffff\"\n\t\t\t\t\t\t\t\tdata-rsp_ch=\"on\"\n\t\t\t\t\t\t\t\tdata-xy=\"x:60px;y:159px;\"\n\t\t\t\t\t\t\t\tdata-text=\"w:normal;s:78;l:78;\"\n\t\t\t\t\t\t\t\tdata-frame_999=\"o:0;st:w;\"\n\t\t\t\t\t\t\t\tstyle=\"z-index:6;font-family:'Roboto';\"\n\t\t\t\t\t\t\t>Que res no t\u2019aturi. \n\t\t\t\t\t\t\t<\/rs-layer><!--\n\n\t\t\t\t\t\t\t--><rs-layer\n\t\t\t\t\t\t\t\tid=\"slider-11-slide-69-layer-2\" \n\t\t\t\t\t\t\t\tdata-type=\"text\"\n\t\t\t\t\t\t\t\tdata-color=\"#ffffff\"\n\t\t\t\t\t\t\t\tdata-rsp_ch=\"on\"\n\t\t\t\t\t\t\t\tdata-xy=\"x:70px;y:256px;\"\n\t\t\t\t\t\t\t\tdata-text=\"w:normal;\"\n\t\t\t\t\t\t\t\tdata-frame_999=\"o:0;st:w;\"\n\t\t\t\t\t\t\t\tstyle=\"z-index:7;font-family:'Roboto';\"\n\t\t\t\t\t\t\t>Sense contacte, sense aturades, amb descomptes. \n\t\t\t\t\t\t\t<\/rs-layer><!--\n\n\t\t\t\t\t\t\t--><rs-layer\n\t\t\t\t\t\t\t\tid=\"slider-11-slide-69-layer-3\" \n\t\t\t\t\t\t\t\tdata-type=\"text\"\n\t\t\t\t\t\t\t\tdata-color=\"#f58220\"\n\t\t\t\t\t\t\t\tdata-rsp_ch=\"on\"\n\t\t\t\t\t\t\t\tdata-xy=\"x:70px;y:291px;\"\n\t\t\t\t\t\t\t\tdata-text=\"w:normal;\"\n\t\t\t\t\t\t\t\tdata-frame_999=\"o:0;st:w;\"\n\t\t\t\t\t\t\t\tstyle=\"z-index:8;font-family:'Roboto';\"\n\t\t\t\t\t\t\t>Tot al teu m\u00f2bil \n\t\t\t\t\t\t\t<\/rs-layer><!--\n\n\t\t\t\t\t\t\t--><a\n\t\t\t\t\t\t\t\tid=\"slider-11-slide-69-layer-4\" \n\t\t\t\t\t\t\t\tclass=\"rs-layer\"\n\t\t\t\t\t\t\t\thref=\"\/ca\/tarifes-i-descomptes\/descomptes\/#discounts-section\" target=\"_self\" rel=\"nofollow\"\n\t\t\t\t\t\t\t\tdata-type=\"image\"\n\t\t\t\t\t\t\t\tdata-rsp_ch=\"on\"\n\t\t\t\t\t\t\t\tdata-xy=\"x:976px;y:221px;\"\n\t\t\t\t\t\t\t\tdata-text=\"w:normal;\"\n\t\t\t\t\t\t\t\tdata-dim=\"w:203px;h:203px;\"\n\t\t\t\t\t\t\t\tdata-frame_999=\"o:0;st:w;\"\n\t\t\t\t\t\t\t\tstyle=\"z-index:9;\"\n\t\t\t\t\t\t\t><img src=\"\/\/www.autopistas.com\/wp-content\/plugins\/revslider\/sr6\/assets\/assets\/dummy.png\" alt=\"\" class=\"tp-rs-img rs-lazyload\" width=\"203\" height=\"203\" data-lazyload=\"\/\/www.autopistas.com\/wp-content\/uploads\/2023\/03\/awai-descuentos-23_ca.png\" data-no-retina> \n\t\t\t\t\t\t\t<\/a><!--\n\n\t\t\t\t\t\t\t--><rs-layer\n\t\t\t\t\t\t\t\tid=\"slider-11-slide-69-layer-5\" \n\t\t\t\t\t\t\t\tdata-type=\"text\"\n\t\t\t\t\t\t\t\tdata-color=\"#ffffff\"\n\t\t\t\t\t\t\t\tdata-rsp_ch=\"on\"\n\t\t\t\t\t\t\t\tdata-xy=\"x:60px;y:339px;\"\n\t\t\t\t\t\t\t\tdata-text=\"w:normal;s:14;l:25;\"\n\t\t\t\t\t\t\t\tdata-frame_999=\"o:0;st:w;\"\n\t\t\t\t\t\t\t\tstyle=\"z-index:10;font-family:'Roboto';\"\n\t\t\t\t\t\t\t>Descarrega\u2019t la App \n\t\t\t\t\t\t\t<\/rs-layer><!--\n\n\t\t\t\t\t\t\t--><rs-layer\n\t\t\t\t\t\t\t\tid=\"slider-11-slide-69-layer-6\" \n\t\t\t\t\t\t\t\tdata-type=\"text\"\n\t\t\t\t\t\t\t\tdata-color=\"#ffffff\"\n\t\t\t\t\t\t\t\tdata-rsp_ch=\"on\"\n\t\t\t\t\t\t\t\tdata-xy=\"x:182px;y:339px;\"\n\t\t\t\t\t\t\t\tdata-text=\"w:normal;s:16;fw:700;\"\n\t\t\t\t\t\t\t\tdata-frame_999=\"o:0;st:w;\"\n\t\t\t\t\t\t\t\tstyle=\"z-index:11;font-family:'Roboto';\"\n\t\t\t\t\t\t\t>AWAI \n\t\t\t\t\t\t\t<\/rs-layer><!--\n\n\t\t\t\t\t\t\t--><a\n\t\t\t\t\t\t\t\tid=\"slider-11-slide-69-layer-7\" \n\t\t\t\t\t\t\t\tclass=\"rs-layer\"\n\t\t\t\t\t\t\t\thref=\"https:\/\/apps.apple.com\/es\/app\/awai\/id1533521326\" target=\"_blank\" rel=\"nofollow noopener\"\n\t\t\t\t\t\t\t\tdata-type=\"image\"\n\t\t\t\t\t\t\t\tdata-rsp_ch=\"on\"\n\t\t\t\t\t\t\t\tdata-xy=\"x:60px;y:372px;\"\n\t\t\t\t\t\t\t\tdata-text=\"w:normal;\"\n\t\t\t\t\t\t\t\tdata-dim=\"w:161px;h:49px;\"\n\t\t\t\t\t\t\t\tdata-frame_999=\"o:0;st:w;\"\n\t\t\t\t\t\t\t\tstyle=\"z-index:12;\"\n\t\t\t\t\t\t\t><img src=\"\/\/www.autopistas.com\/wp-content\/plugins\/revslider\/sr6\/assets\/assets\/dummy.png\" alt=\"\" class=\"tp-rs-img rs-lazyload\" width=\"161\" height=\"49\" data-lazyload=\"\/\/www.autopistas.com\/wp-content\/uploads\/revslider\/awai-1\/away-apple.png\" data-no-retina> \n\t\t\t\t\t\t\t<\/a><!--\n\n\t\t\t\t\t\t\t--><a\n\t\t\t\t\t\t\t\tid=\"slider-11-slide-69-layer-8\" \n\t\t\t\t\t\t\t\tclass=\"rs-layer\"\n\t\t\t\t\t\t\t\thref=\"https:\/\/play.google.com\/store\/apps\/details?id=com.autopistas.awai%20\" target=\"_blank\" rel=\"nofollow noopener\"\n\t\t\t\t\t\t\t\tdata-type=\"image\"\n\t\t\t\t\t\t\t\tdata-rsp_ch=\"on\"\n\t\t\t\t\t\t\t\tdata-xy=\"x:229px;y:373px;\"\n\t\t\t\t\t\t\t\tdata-text=\"w:normal;\"\n\t\t\t\t\t\t\t\tdata-dim=\"w:164px;h:49px;\"\n\t\t\t\t\t\t\t\tdata-frame_999=\"o:0;st:w;\"\n\t\t\t\t\t\t\t\tstyle=\"z-index:13;\"\n\t\t\t\t\t\t\t><img src=\"\/\/www.autopistas.com\/wp-content\/plugins\/revslider\/sr6\/assets\/assets\/dummy.png\" alt=\"\" class=\"tp-rs-img rs-lazyload\" width=\"164\" height=\"49\" data-lazyload=\"\/\/www.autopistas.com\/wp-content\/uploads\/revslider\/awai-1\/awai-gplay.png\" data-no-retina> \n\t\t\t\t\t\t\t<\/a><!--\n-->\t\t\t\t\t<\/rs-slide>\n\t\t\t\t\t<\/rs-slides>\n\t\t\t\t<\/rs-module>\n\t\t\t\t<script>\n\t\t\t\t\tsetREVStartSize({c: 'rev_slider_11_1',rl:[1240,1024,778,480],el:[442],gw:[1240],gh:[442],type:'standard',justify:'',layout:'fullwidth',mh:\"0\"});if (window.RS_MODULES!==undefined && window.RS_MODULES.modules!==undefined && window.RS_MODULES.modules[\"revslider111\"]!==undefined) {window.RS_MODULES.modules[\"revslider111\"].once = false;window.revapi11 = undefined;if (window.RS_MODULES.checkMinimal!==undefined) window.RS_MODULES.checkMinimal()}\n\t\t\t\t<\/script>\n\t\t\t<\/rs-module-wrap>\n\t\t\t<!-- END REVOLUTION SLIDER -->\n[\/vc_column][\/vc_row][vc_row content_placement=&#8221;top&#8221; el_class=&#8221;compartir-coche texto-cuerpo&#8221; css=&#8221;.vc_custom_1710523740027{margin-top: 35px !important;}&#8221;][vc_column offset=&#8221;vc_col-lg-12 vc_col-md-12 vc_col-xs-12&#8243;][vc_column_text css=&#8221;.vc_custom_1764854045655{margin-bottom: 10px !important;}&#8221; el_class=&#8221;texto-cuerpo2&#8243;]<\/p>\n<p class=\"MsoNormal\"><b><span lang=\"CA\">POL\u00cdTICA DE PRIVADESA D\u2019AWAI<\/span><\/b><\/p>\n<p class=\"MsoNormal\"><span lang=\"CA\"><a href=\"https:\/\/www.autopistas.com\/politica-de-privacidad-awai\/#responsable\"><span style=\"color: windowtext; text-decoration: none;\">\u00a0<\/span><b>Qui \u00e9s el responsable del tractament de les teves dades personals?<\/b><\/a><\/span><\/p>\n<p class=\"MsoNormal\"><span lang=\"CA\"><a href=\"https:\/\/www.autopistas.com\/politica-de-privacidad-awai\/#datos\"><span style=\"color: windowtext; text-decoration: none;\">\u00a0<\/span><b>Quines dades tractem i com s\u2019obtenen?<\/b><\/a><\/span><\/p>\n<p class=\"MsoNormal\"><span lang=\"CA\"><a href=\"https:\/\/www.autopistas.com\/politica-de-privacidad-awai\/#finalidad\"><span style=\"color: windowtext; text-decoration: none;\">\u00a0<\/span><b>Amb quines finalitats tractem les teves dades i quina \u00e9s la base legal per fer-ne el tractament?<\/b><\/a><\/span><\/p>\n<p class=\"MsoNormal\"><span lang=\"CA\"><a href=\"https:\/\/www.autopistas.com\/politica-de-privacidad-awai\/#comunican\"><span style=\"color: windowtext; text-decoration: none;\">\u00a0<\/span><b>A qui es comuniquen les teves dades?<\/b><\/a><\/span><\/p>\n<p class=\"MsoNormal\"><span lang=\"CA\"><a href=\"https:\/\/www.autopistas.com\/politica-de-privacidad-awai\/#conservamos\"><span style=\"color: windowtext; text-decoration: none;\">\u00a0<\/span><b>Durant quant de temps conservem les teves dades?<\/b><\/a><\/span><\/p>\n<p class=\"MsoNormal\"><span lang=\"CA\"><a href=\"https:\/\/www.autopistas.com\/politica-de-privacidad-awai\/#derechos\"><span style=\"color: windowtext; text-decoration: none;\">\u00a0<\/span><b>Quins drets tens?<\/b><\/a><\/span><\/p>\n<p class=\"MsoNormal\"><span lang=\"CA\">\u00a0<\/span><\/p>\n<p class=\"MsoNormal\"><a name=\"responsable\"><\/a><b><span lang=\"CA\" style=\"color: #e97132;\">Qui \u00e9s el responsable del tractament de les teves dades personals?<\/span><\/b><\/p>\n<p>El responsable de tractament de les dades personals que ens facilitis quan et registris a AWAI \u00e9s:<\/p>\n<table>\n<tbody>\n<tr>\n<td width=\"75\"><strong>\u00a0<\/strong><\/td>\n<td width=\"236\">RA\u00d3 SOCIAL<\/td>\n<td width=\"255\">DOMICILI<\/td>\n<\/tr>\n<tr>\n<td width=\"75\"><strong>autopistas<\/strong><\/td>\n<td width=\"236\">Abertis Autopistas Espa\u00f1a, S.A. Unipersonal<\/td>\n<td width=\"255\">Paseo de la Castellana, 89 9\u00aa Madrid<\/td>\n<\/tr>\n<\/tbody>\n<\/table>\n<p>A m\u00e9s, en el cas que circulis per una via de la xarxa d&#8217;Autopistes, el responsable del tractament \u00e9s la societat concession\u00e0ria de la via o la societat que presta el servei<\/p>\n<table>\n<tbody>\n<tr>\n<td width=\"75\"><strong>\u00a0<\/strong><\/td>\n<td width=\"233\">RA\u00d3 SOCIAL<\/td>\n<td width=\"251\">DOMICILI<\/td>\n<\/tr>\n<tr>\n<td width=\"75\"><strong>aucat<\/strong><\/p>\n<p><strong>\u00a0<\/strong><\/td>\n<td width=\"233\">Autopistes de Catalunya, S.A., Concession\u00e0ria de la Generalitat de Catalunya (Unipersonal)<\/td>\n<td width=\"251\">Avinguda de Pedralbes, 17<\/p>\n<p>08034 Barcelona<\/td>\n<\/tr>\n<tr>\n<td width=\"75\"><strong>t\u00fanels<\/strong><\/p>\n<p><strong>\u00a0<\/strong><\/td>\n<td width=\"233\">T\u00fanels de Barcelona i Cad\u00ed, Concession\u00e0ria de la Generalitat de Catalunya, S.A.<\/td>\n<td width=\"251\">Carretera de Vallvidrera en Sant Cugat del Vall\u00e8s, BV-1462, pk 5,3, 08017 Barcelona<\/td>\n<\/tr>\n<tr>\n<td width=\"75\"><strong>avasa<\/strong><\/td>\n<td width=\"233\">Autopista Vasco Aragonesa, Concesionaria Espa\u00f1ola, S.A. (Unipersonal).<\/td>\n<td width=\"251\">Barrio de Anuntzibai s\/n; 48410 Orozko (Bizkaia)<\/td>\n<\/tr>\n<tr>\n<td width=\"75\"><strong>Castellana <\/strong><\/td>\n<td width=\"233\">Castellana de Autopistas S.A. Concesionaria del Estado (Unipersonal)<\/td>\n<td width=\"251\">AP6 PK 57, 40410 San Rafael (Segovia)<\/td>\n<\/tr>\n<\/tbody>\n<\/table>\n<p class=\"MsoNormal\"><a name=\"datos\"><\/a><b><span lang=\"CA\" style=\"color: #e97132;\">Quines dades tractem i com s\u2019obtenen?<\/span><\/b><\/p>\n<p>Amb car\u00e0cter general, les dades que tractem s\u00f3n les seg\u00fcents:<\/p>\n<p><strong><u>Dades que ens puguis facilitar en el proc\u00e9s de registre<\/u><\/strong><\/p>\n<ul>\n<li>Dades identificatives: nom i cognoms, correu electr\u00f2nic, DNI\/NIE, idioma, n\u00famero de tel\u00e8fon;<\/li>\n<li>Informaci\u00f3 de pagament: dades de targeta de cr\u00e8dit (dades gestionades directament per prove\u00efdor de la passarel\u00b7la de pagament, autopistas \u00fanicament conserva les dades tokenizades.<\/li>\n<\/ul>\n<p><strong><u>Dades obtingudes quan utilitzes AWAI<\/u><\/strong><\/p>\n<ul>\n<li>Dades d&#8217;ubicaci\u00f3: dades de posicionament obtinguts per les antenes Bluetooth instal\u00b7lades en la via i dades de posicionament obtinguts del seguiment de punts GPS;<\/li>\n<li>Dades del teu tel\u00e8fon intel\u00b7ligent: informaci\u00f3 sobre el seu dispositiu m\u00f2bil, com el model, marca, sistema operatiu, l&#8217;identificador \u00fanic del dispositiu, versi\u00f3 de\u00a0AWAI\u00a0instal\u00b7lada i identificador bluetooth;<\/li>\n<li>Dades dels tr\u00e0nsits realitzats en les vies: entrada, sortida, recorregut i aix\u00ed com transaccions realitzades en peatge;<\/li>\n<li>Dades del vehicle: categoria.<\/li>\n<\/ul>\n<p class=\"MsoNormal\"><a name=\"finalidad\"><\/a><b><span lang=\"CA\" style=\"color: #e97132;\">Amb quines finalitats tractem les teves dades i quina \u00e9s la base legal per fer-ne el tractament?<\/span><\/b><\/p>\n<p>Utilitzem les teves dades personals per a proporcionar-te serveis d\u2019AWAI, incloent-hi pagament sense contacte en els peatges i notificacions de mobilitat i seguretat vi\u00e0ria en temps real.<\/p>\n<p>T&#8217;informem que per al correcte funcionament de AWAI \u00e9s necessari que:<\/p>\n<ul>\n<li>Tinguis oberta l&#8217;aplicaci\u00f3 i activat el Bluetooth en el teu dispositiu m\u00f2bil, de manera que quan t&#8217;aproximis al punt de control, el teu tel\u00e8fon intel\u00b7ligent pugui enviar per ones de r\u00e0dio les dades, aquestes s\u00f3n captades per les antenes de lectura Bluetooth instal\u00b7lades en la via; i<\/li>\n<li>Tinguis activada la geolocalitzaci\u00f3 en el teu dispositiu m\u00f2bil, de manera que es pugui dur a terme el seguiment dels punts GPS quan circules per la via<\/li>\n<\/ul>\n<p>En instal\u00b7lar AWAI en el teu tel\u00e8fon intel\u00b7ligent se t&#8217;oferiran diferents opcions relatives a la geolocalitzaci\u00f3. Recorda que, en qualsevol moment, pots configurar les teves prefer\u00e8ncies sobre la geolocalitzaci\u00f3 en la pr\u00f2pia app o en el men\u00fa de configuraci\u00f3 del teu dispositiu, si b\u00e9 et recordem que AWAI no funcionar\u00e0 si no est\u00e0 activa la geolocalitzaci\u00f3 i no podr\u00e0s utilitzar AWAI<\/p>\n<p>A continuaci\u00f3 t&#8217;expliquem de forma detallada com tractem les teves dades personals:<\/p>\n<p><strong><u>Gestionar el teu registre com a usuari d\u2019AWAI<\/u><\/strong><\/p>\n<p>Si et dones d&#8217;alta com a usuari a AWAI les teves dades seran tractades amb la finalitat de gestionar la teva alta com a usuari i gestionar les funcionalitats d\u2019AWAI.<\/p>\n<p>La base legal per a aquest tractament de dades \u00e9s el teu consentiment, atorgat en el proc\u00e9s de registre en acceptar la Pol\u00edtica de Privacitat.<\/p>\n<p><strong><u>Realitzar el pagament sense contacte en els peatges<\/u><\/strong><\/p>\n<p>AWAI permet el pagament del peatge amb un tel\u00e8fon intel\u00b7ligent. Despr\u00e9s de la lectura de l&#8217;identificador bluetooth del teu tel\u00e8fon intel\u00b7ligent les dades seran tractades per a la gesti\u00f3 del pagament. Per a poder aplicar la tarifa adequada en funci\u00f3 del tr\u00e0nsit, utilitzem tecnologia de posicionament a trav\u00e9s d&#8217;antenes de lectura bluetooth. La informaci\u00f3 recollida \u00e9s tractada per la gesti\u00f3 del pagament i facturaci\u00f3.<\/p>\n<p>Aix\u00ed mateix, AWAI realitza el seguiment de punts GPS, fins i tot quan s&#8217;est\u00e0 executant en segon pla segons el model del dispositiu. Aquest tractament de dades t\u00e9 com a objectiu donar suport al control de peatge, en assegurar el pas pel p\u00f2rtic i garantir que s&#8217;executa el pagament correctament (aplicaci\u00f3 de tarifa correcta i aplicaci\u00f3 de descomptes, si procedeixen), per si hi hagu\u00e9s alguna fallada o discrep\u00e0ncia en la lectura de les antenes bluetooth en el pas pels p\u00f2rtics.<\/p>\n<p>La base legal per a aquest tractament \u00e9s el teu consentiment.<\/p>\n<p><strong><u>Enviar notificacions *ITS (Sistemes de Transport Intel\u00b7ligent)<\/u><\/strong><\/p>\n<p>AWAI \u00e9s una aplicaci\u00f3 dissenyada per a millorar la mobilitat i la seguretat vi\u00e0ria. L&#8217;aplicaci\u00f3 envia notificacions en temps real per a proporcionar informaci\u00f3 actualitzada amb l&#8217;objectiu de millorar la mobilitat i la seguretat en les autopistes.<\/p>\n<p>Per a l&#8217;enviament de les notificacions, AWAI posiciona el teu vehicle en una determinada zona predefinida per a enviar les notificacions en el moment adequat.<\/p>\n<p>Les notificacions apareixen com un pop up en l&#8217;aplicaci\u00f3, acompanyat d&#8217;una alerta sonora.<\/p>\n<p>Les notificacions enviades poden ser notificacions relacionades amb:<\/p>\n<ul>\n<li>Alertes en temps real sobre l&#8217;estat de la via;<\/li>\n<li>Ubicaci\u00f3 i aproximaci\u00f3 a punts d&#8217;inter\u00e8s (peatges, \u00e0rees de servei\u2026);<\/li>\n<li>Recomanacions de velocitat basades en les condicions de la via per a millorar la seguretat vi\u00e0ria i reduir el risc d&#8217;accidents.<\/li>\n<\/ul>\n<p>La base legal per a aquest tractament \u00e9s el teu consentiment atorgat en el moment del registre com a usuari AWAI o en el moment d&#8217;acceptar l&#8217;actualitzaci\u00f3 de la Pol\u00edtica de Privacitat.<\/p>\n<p><strong><u>\u00das de Dades Anonimitzades per al monitoratge i predicci\u00f3 del tr\u00e0nsit<\/u><\/strong><\/p>\n<p>L\u2019\u00fas de dades obtingudes del teu \u00fas d\u2019AWAI (seguiment de punts GPS) seran anonimitzats i tractades per a monitorar el tr\u00e0nsit, predir-lo, amb l&#8217;objectiu de garantir la mobilitat i la seguretat vi\u00e0ria dels clients de l&#8217;autopista. Aquesta informaci\u00f3 \u00e9s utilitzada per a la innovaci\u00f3, desenvolupament i millora de les solucions tecnol\u00f2giques per a la gesti\u00f3 de les vies i serveis associats, amb la finalitat de millorar tant els serveis viaris, com la seguretat i facilitar la mobilitat.<\/p>\n<p><strong><u>Tractaments de dades dutes a terme en les vies<\/u><\/strong><\/p>\n<p>A m\u00e9s dels tractaments de dades espec\u00edfiques dutes a terme per AWAI, quan circules per la via les teves dades s\u00f3n tractades amb diferents finalitats que pots consultar en la <a href=\"https:\/\/www.autopistas.com\/ca\/politica-de-privadesa\/\">Pol\u00edtica de Privadesa | Autopistas<\/a> i la de <a href=\"https:\/\/tunels.cat\/avis-legal-politica-de-privacitat\/#politica-de-privacitat\">Av\u00eds legal \/ Pol\u00edtica de privacitat &#8211; T\u00fanels Barcelona Cad\u00ed (tunels.cat)<\/a><\/p>\n<p><strong><u>Enviament de comunicacions comercials sobre productes i serveis<\/u><\/strong><\/p>\n<p>Si ens autoritzes, les teves dades podran ser tractades, en funci\u00f3 del consentiment atorgat per a:<\/p>\n<ul>\n<li>Fer-te arribar informaci\u00f3 seleccionada, per qualsevol mitj\u00e0, sobre ofertes i promocions de serveis o productes oferts per Autopistas;<\/li>\n<li>Fer-te arribar informaci\u00f3 seleccionada, per qualsevol mitj\u00e0, sobre ofertes i promocions de serveis o productes oferts per a terceres empreses col\u00b7laboradores. Per a aquesta finalitat, no comunicarem les teves dades a tercers ja que la informaci\u00f3 te la farem arribar des d&#8217;Autopistes.<\/li>\n<li>Elaborar perfils individualitzats i fer-te arribar informaci\u00f3 personalitzada, per qualsevol mitj\u00e0, sobre ofertes i promocions de serveis o productes oferts per Autopistas o per terceres empreses. En cas d&#8217;estar disponibles, podran incorporar-se, al perfil que s&#8217;elabori, les dades que es detallen a continuaci\u00f3, b\u00e9 ens les hagis facilitat directament o els que s&#8217;haguessin generat durant la teva utilitzaci\u00f3 dels serveis o productes d&#8217;Autopistas, i de tercers: dades de contacte (com el nom, la direcci\u00f3, l&#8217;email); informaci\u00f3 addicional (com les aficions); historial del client (com les dades de compra); dades del vehicle (com les dades de matr\u00edcula) o dades recollides a trav\u00e9s de l&#8217;app.<\/li>\n<\/ul>\n<p>La base legal per a aquests tractaments de dades \u00e9s el teu consentiment, atorgat en el proc\u00e9s de registre en acceptar la Pol\u00edtica de Privacitat.<\/p>\n<p class=\"MsoNormal\"><a name=\"comunican\"><\/a><b><span lang=\"CA\" style=\"color: #e97132;\">A qui es comuniquen les teves dades?<\/span><\/b><\/p>\n<p>Les teves dades podran ser comunicats a tercers quan sigui necessari per a la prestaci\u00f3 dels serveis oferts a trav\u00e9s d\u2019AWAI o quan existeixi una llei que ho habiliti.<\/p>\n<p>En particular, podran ser comunicats a l&#8217;empresa concession\u00e0ria de la via per la qual circulis i administracions p\u00fabliques competents en el cas de programes o descomptes espec\u00edfics aplicables a una determinada concessi\u00f3.<\/p>\n<p>Compartim informaci\u00f3 amb prove\u00efdors que ens ajuden a operar la nostra aplicaci\u00f3 i proporcionar serveis. Autopistas ha formalitzat acords amb els esmentats tercers que garanteixen la implantaci\u00f3 de mesures de seguretat t\u00e8cniques i organitzatives per a protegir les teves dades contra l&#8217;acc\u00e9s no autoritzat, la p\u00e8rdua, l&#8217;\u00fas indegut i l&#8217;alteraci\u00f3.<\/p>\n<p class=\"MsoNormal\"><a name=\"conservamos\"><\/a><b><span lang=\"CA\" style=\"color: #e97132;\">Durant quant de temps conservem les teves dades?<\/span><\/b><\/p>\n<p><strong><u>Dades del registre<\/u><\/strong><\/p>\n<p>Les teves dades de registre com a usuari d\u2019AWAI seran conservats de manera indefinida, fins que ens indiquis el contrari. Aix\u00ed mateix, si ens has donat el teu consentiment per a l&#8217;enviament de comunicacions comercials, conservarem les teves dades fins que ens manifestis el contrari.<\/p>\n<p><strong><u>Dades de geolocalizaci\u00f3<\/u><\/strong><\/p>\n<p>Les dades relatives a geolocalitzaci\u00f3 o posicionament captats per les antenes bluetooth o pel GPS, seran conservats durant un termini de 3 mesos per a poder atendre possibles reclamacions o discrep\u00e0ncies en el pagament del peatge.<\/p>\n<p><strong><u>Dades de facturaci\u00f3 i pagament<\/u><\/strong><\/p>\n<p>La resta de les dades personals seran conservades el temps necessari per a la gesti\u00f3 de facturaci\u00f3 i pagament. Una vegada finalitzat, seran conservats durant el termini de prescripci\u00f3 legal, generalment 5 anys, estant disponibles tan sols a sol\u00b7licitud de Jutges i Tribunals, el Ministeri Fiscal o les Administracions P\u00fabliques competents durant el termini de prescripci\u00f3 de les accions que poguessin derivar.<\/p>\n<p class=\"MsoNormal\"><a name=\"derechos\"><\/a><b><span lang=\"CA\" style=\"color: #e97132;\">Quins drets tens?<\/span><\/b><\/p>\n<p>Tal com queda previst en la normativa sobre protecci\u00f3 de dades personals, tens els seg\u00fcents drets:<\/p>\n<ul>\n<li>Accedir a les teves dades: tens dret a accedir i con\u00e8ixer quines dades personals estem tractant que et concerneixen;<\/li>\n<li>Sol\u00b7licitar la rectificaci\u00f3 o supressi\u00f3 de les teves dades: en determinades circumst\u00e0ncies, tens dret a rectificar aquelles dades personals que consideris inexactes i que et concerneixin, i que siguin objecte de tractament per part d&#8217;Autopistas o fins i tot, a sol\u00b7licitar la seva supressi\u00f3 quan, entre altres motius, les dades ja no fossin necess\u00e0ries per a les finalitats que van ser recollides;<\/li>\n<li>Sol\u00b7licitar la limitaci\u00f3 del tractament de les teves dades: en determinades circumst\u00e0ncies, tindr\u00e0s dret a sol\u00b7licitar-nos la limitaci\u00f3 del tractament de les teves dades, i en aquest cas t&#8217;informem que \u00fanicament els conservarem per a l&#8217;exercici o defensa de reclamacions;<\/li>\n<li>A la portabilitat de les teves dades: en determinades circumst\u00e0ncies, tindr\u00e0s dret a rebre les dades personals que t&#8217;incumbeixin, i que ens hagis facilitat, en un format estructurat d&#8217;\u00fas com\u00fa i lectura mec\u00e0nica, i a transmetre&#8217;ls a un altre responsable del tractament;<\/li>\n<li>Oposar-se al tractament de les teves dades: en determinades circumst\u00e0ncies i per motius relacionats amb la teva situaci\u00f3 particular, tindr\u00e0s dret a oposar-te al tractament de les teves dades i en aquest cas, deixar\u00edem de tractar-les tret que, per motius leg\u00edtims imperiosos, o l&#8217;exercici o la defensa de possibles reclamacions.<\/li>\n<\/ul>\n<p>Aix\u00ed mateix, tens dret, en qualsevol moment, a oposar-te a l&#8217;enviament de comunicacions comercials i retirar el teu consentiment, sense que aix\u00f2 afecti el tractament previ basat en aquest consentiment.<\/p>\n<p>Podr\u00e0s exercir els drets anteriorment descrits, mitjan\u00e7ant sol\u00b7licitud escrita a l&#8217;atenci\u00f3 del Delegat de Protecci\u00f3 de Dades dirigida a Autopistas, Avinguda de Pedralbes, 17 08034 Barcelona o b\u00e9 remetent un correu electr\u00f2nic a <a href=\"mailto:protecciondedatos@autopistas.com\">protecciondedatos@autopistas.com<\/a>.<\/p>\n<p>Si desitges cancel\u00b7lar el teu compte en AWAI, pots fer-ho dins del teu perfil d&#8217;usuari de l&#8217;App \u201cDonar de Baixa AWAI\u201d.<\/p>\n<p>Finalment, t&#8217;informem que pots presentar una reclamaci\u00f3 davant l&#8217;autoritat de control competent en mat\u00e8ria de protecci\u00f3 de dades personals, especialment quan no hagis obtingut satisfacci\u00f3 en l&#8217;exercici dels teus drets:<\/p>\n<ul>\n<li>Ag\u00e8ncia Espanyola de Protecci\u00f3 de Dades, especialment quan no hagis obtingut satisfacci\u00f3 en l&#8217;exercici dels teus drets. Pots posar-te en contacte a trav\u00e9s de la seva p\u00e0gina web:\u202f<a href=\"https:\/\/www.aepd.es\/\">Agencia Espa\u00f1ola de Protecci\u00f3n de Datos | AEPD<\/a><\/li>\n<li>Autoritat Catalana de Protecci\u00f3 de Dades: <a href=\"https:\/\/apdcat.gencat.cat\/ca\/inici\"> Autoritat Catalana de Protecci\u00f3 de Dades<\/a><\/li>\n<li>Datuak Babesteko Euskal Bulegoa: <a href=\"https:\/\/www.avpd.eus\/hasiera\/\">Datuak Babesteko Euskal Agintaritza<\/a><\/li>\n<\/ul>\n<p>&nbsp;<\/p>\n<p>La nostra Pol\u00edtica de Privacitat ha estat actualitzada el 4 de desembre de 2025.[\/vc_column_text][\/vc_column][\/vc_row][vc_row content_placement=&#8221;top&#8221; el_class=&#8221;banner-footer&#8221;][vc_column][atpbanners banner_id=&#8221;random&#8221; full_width=&#8221;true&#8221; columns_number=&#8221;12&#8243;][\/vc_column][\/vc_row]<\/p>\n<\/div>","protected":false},"excerpt":{"rendered":"<p>[vc_row][vc_column][\/vc_column][\/vc_row][vc_row content_placement=&#8221;top&#8221; el_class=&#8221;compartir-coche texto-cuerpo&#8221; css=&#8221;.vc_custom_1710523740027{margin-top: 35px !important;}&#8221;][vc_column offset=&#8221;vc_col-lg-12 vc_col-md-12 vc_col-xs-12&#8243;][vc_column_text css=&#8221;.vc_custom_1764854045655{margin-bottom: 10px !important;}&#8221; el_class=&#8221;texto-cuerpo2&#8243;] POL\u00cdTICA DE PRIVADESA D\u2019AWAI \u00a0Qui \u00e9s el responsable del tractament de les teves dades personals? \u00a0Quines dades tractem i com s\u2019obtenen? \u00a0Amb quines finalitats tractem les teves dades i quina \u00e9s la base legal per fer-ne el tractament? \u00a0A qui es &#8230;<\/p>\n","protected":false},"author":3,"featured_media":0,"parent":0,"menu_order":0,"comment_status":"closed","ping_status":"closed","template":"","meta":{"footnotes":""},"yoast_head":"<!-- This site is optimized with the Yoast SEO Premium plugin v19.5 (Yoast SEO v19.10) - https:\/\/yoast.com\/wordpress\/plugins\/seo\/ -->\n<title>Pol\u00edtica de Privacitat AWAI | Autopistas<\/title>\n<meta name=\"robots\" content=\"index, follow, max-snippet:-1, max-image-preview:large, max-video-preview:-1\" \/>\n<link rel=\"canonical\" href=\"https:\/\/www.autopistas.com\/ca\/politica-de-privacitat-awai\/\" \/>\n<meta property=\"og:locale\" content=\"ca_ES\" \/>\n<meta property=\"og:type\" content=\"article\" \/>\n<meta property=\"og:title\" content=\"Pol\u00edtica de Privacitat AWAI\" \/>\n<meta property=\"og:description\" content=\"[vc_row][vc_column][\/vc_column][\/vc_row][vc_row content_placement=&#8221;top&#8221; el_class=&#8221;compartir-coche texto-cuerpo&#8221; css=&#8221;.vc_custom_1710523740027{margin-top: 35px !important;}&#8221;][vc_column offset=&#8221;vc_col-lg-12 vc_col-md-12 vc_col-xs-12&#8243;][vc_column_text css=&#8221;.vc_custom_1764854045655{margin-bottom: 10px !important;}&#8221; el_class=&#8221;texto-cuerpo2&#8243;] POL\u00cdTICA DE PRIVADESA D\u2019AWAI \u00a0Qui \u00e9s el responsable del tractament de les teves dades personals? \u00a0Quines dades tractem i com s\u2019obtenen? \u00a0Amb quines finalitats tractem les teves dades i quina \u00e9s la base legal per fer-ne el tractament? \u00a0A qui es ...\" \/>\n<meta property=\"og:url\" content=\"https:\/\/www.autopistas.com\/ca\/politica-de-privacitat-awai\/\" \/>\n<meta property=\"og:site_name\" content=\"Autopistas\" \/>\n<meta property=\"article:modified_time\" content=\"2025-12-04T13:14:08+00:00\" \/>\n<meta name=\"twitter:card\" content=\"summary_large_image\" \/>\n<meta name=\"twitter:label1\" content=\"Temps estimat de lectura\" \/>\n\t<meta name=\"twitter:data1\" content=\"11 minuts\" \/>\n<script type=\"application\/ld+json\" class=\"yoast-schema-graph\">{\"@context\":\"https:\/\/schema.org\",\"@graph\":[{\"@type\":\"WebPage\",\"@id\":\"https:\/\/www.autopistas.com\/ca\/politica-de-privacitat-awai\/\",\"url\":\"https:\/\/www.autopistas.com\/ca\/politica-de-privacitat-awai\/\",\"name\":\"Pol\u00edtica de Privacitat AWAI | Autopistas\",\"isPartOf\":{\"@id\":\"https:\/\/www.autopistas.com\/ca\/#website\"},\"datePublished\":\"2024-10-23T07:18:54+00:00\",\"dateModified\":\"2025-12-04T13:14:08+00:00\",\"breadcrumb\":{\"@id\":\"https:\/\/www.autopistas.com\/ca\/politica-de-privacitat-awai\/#breadcrumb\"},\"inLanguage\":\"ca\",\"potentialAction\":[{\"@type\":\"ReadAction\",\"target\":[\"https:\/\/www.autopistas.com\/ca\/politica-de-privacitat-awai\/\"]}]},{\"@type\":\"BreadcrumbList\",\"@id\":\"https:\/\/www.autopistas.com\/ca\/politica-de-privacitat-awai\/#breadcrumb\",\"itemListElement\":[{\"@type\":\"ListItem\",\"position\":1,\"name\":\"Portada\",\"item\":\"https:\/\/www.autopistas.com\/ca\/\"},{\"@type\":\"ListItem\",\"position\":2,\"name\":\"Pol\u00edtica de Privacitat AWAI\"}]},{\"@type\":\"WebSite\",\"@id\":\"https:\/\/www.autopistas.com\/ca\/#website\",\"url\":\"https:\/\/www.autopistas.com\/ca\/\",\"name\":\"Autopistas\",\"description\":\"Autopistas, Contigo Hasta Donde Quieras Llegar\",\"potentialAction\":[{\"@type\":\"SearchAction\",\"target\":{\"@type\":\"EntryPoint\",\"urlTemplate\":\"https:\/\/www.autopistas.com\/ca\/?s={search_term_string}\"},\"query-input\":\"required name=search_term_string\"}],\"inLanguage\":\"ca\"}]}<\/script>\n<!-- \/ Yoast SEO Premium plugin. -->","yoast_head_json":{"title":"Pol\u00edtica de Privacitat AWAI | Autopistas","robots":{"index":"index","follow":"follow","max-snippet":"max-snippet:-1","max-image-preview":"max-image-preview:large","max-video-preview":"max-video-preview:-1"},"canonical":"https:\/\/www.autopistas.com\/ca\/politica-de-privacitat-awai\/","og_locale":"ca_ES","og_type":"article","og_title":"Pol\u00edtica de Privacitat AWAI","og_description":"[vc_row][vc_column][\/vc_column][\/vc_row][vc_row content_placement=&#8221;top&#8221; el_class=&#8221;compartir-coche texto-cuerpo&#8221; css=&#8221;.vc_custom_1710523740027{margin-top: 35px !important;}&#8221;][vc_column offset=&#8221;vc_col-lg-12 vc_col-md-12 vc_col-xs-12&#8243;][vc_column_text css=&#8221;.vc_custom_1764854045655{margin-bottom: 10px !important;}&#8221; el_class=&#8221;texto-cuerpo2&#8243;] POL\u00cdTICA DE PRIVADESA D\u2019AWAI \u00a0Qui \u00e9s el responsable del tractament de les teves dades personals? \u00a0Quines dades tractem i com s\u2019obtenen? \u00a0Amb quines finalitats tractem les teves dades i quina \u00e9s la base legal per fer-ne el tractament? \u00a0A qui es ...","og_url":"https:\/\/www.autopistas.com\/ca\/politica-de-privacitat-awai\/","og_site_name":"Autopistas","article_modified_time":"2025-12-04T13:14:08+00:00","twitter_card":"summary_large_image","twitter_misc":{"Temps estimat de lectura":"11 minuts"},"schema":{"@context":"https:\/\/schema.org","@graph":[{"@type":"WebPage","@id":"https:\/\/www.autopistas.com\/ca\/politica-de-privacitat-awai\/","url":"https:\/\/www.autopistas.com\/ca\/politica-de-privacitat-awai\/","name":"Pol\u00edtica de Privacitat AWAI | Autopistas","isPartOf":{"@id":"https:\/\/www.autopistas.com\/ca\/#website"},"datePublished":"2024-10-23T07:18:54+00:00","dateModified":"2025-12-04T13:14:08+00:00","breadcrumb":{"@id":"https:\/\/www.autopistas.com\/ca\/politica-de-privacitat-awai\/#breadcrumb"},"inLanguage":"ca","potentialAction":[{"@type":"ReadAction","target":["https:\/\/www.autopistas.com\/ca\/politica-de-privacitat-awai\/"]}]},{"@type":"BreadcrumbList","@id":"https:\/\/www.autopistas.com\/ca\/politica-de-privacitat-awai\/#breadcrumb","itemListElement":[{"@type":"ListItem","position":1,"name":"Portada","item":"https:\/\/www.autopistas.com\/ca\/"},{"@type":"ListItem","position":2,"name":"Pol\u00edtica de Privacitat AWAI"}]},{"@type":"WebSite","@id":"https:\/\/www.autopistas.com\/ca\/#website","url":"https:\/\/www.autopistas.com\/ca\/","name":"Autopistas","description":"Autopistas, Contigo Hasta Donde Quieras Llegar","potentialAction":[{"@type":"SearchAction","target":{"@type":"EntryPoint","urlTemplate":"https:\/\/www.autopistas.com\/ca\/?s={search_term_string}"},"query-input":"required name=search_term_string"}],"inLanguage":"ca"}]}},"_links":{"self":[{"href":"https:\/\/www.autopistas.com\/ca\/wp-json\/wp\/v2\/pages\/62073"}],"collection":[{"href":"https:\/\/www.autopistas.com\/ca\/wp-json\/wp\/v2\/pages"}],"about":[{"href":"https:\/\/www.autopistas.com\/ca\/wp-json\/wp\/v2\/types\/page"}],"author":[{"embeddable":true,"href":"https:\/\/www.autopistas.com\/ca\/wp-json\/wp\/v2\/users\/3"}],"replies":[{"embeddable":true,"href":"https:\/\/www.autopistas.com\/ca\/wp-json\/wp\/v2\/comments?post=62073"}],"version-history":[{"count":10,"href":"https:\/\/www.autopistas.com\/ca\/wp-json\/wp\/v2\/pages\/62073\/revisions"}],"predecessor-version":[{"id":62685,"href":"https:\/\/www.autopistas.com\/ca\/wp-json\/wp\/v2\/pages\/62073\/revisions\/62685"}],"wp:attachment":[{"href":"https:\/\/www.autopistas.com\/ca\/wp-json\/wp\/v2\/media?parent=62073"}],"curies":[{"name":"wp","href":"https:\/\/api.w.org\/{rel}","templated":true}]}}